{"id":71232,"date":"2023-11-14T11:45:52","date_gmt":"2023-11-14T11:45:52","guid":{"rendered":"https:\/\/og-wahlen.de\/protection-des-donnees\/"},"modified":"2025-12-22T06:39:37","modified_gmt":"2025-12-22T06:39:37","slug":"protection-des-donnees","status":"publish","type":"page","link":"https:\/\/og-wahlen.de\/fr\/protection-des-donnees\/","title":{"rendered":"Protection des donn\u00e9es"},"content":{"rendered":"&#13;\n<h2 class=\"wp-block-heading\">Responsabilit\u00e9 du projet<\/h2>&#13;\n<p>Diensteanbieter gem. \u00a7 5 TMG<br\/>Stadt Offenburg<br\/>Historisches Rathaus<br\/>Hauptstra\u00dfe 90<br\/>77652 Offenburg<br\/>Telefon: 0781 82-0<br\/>Telefax: 0781 82-7515<br\/>E-Mail: rathaus@offenburg.de<\/p>&#13;\n<p>Die Stadt Offenburg ist eine K\u00f6rperschaft des \u00f6ffentlichen Rechts. Sie wird vertreten durch Oberb\u00fcrgermeister Marco Steffens.<\/p>&#13;\n<h3>D\u00e9l\u00e9gu\u00e9 \u00e0 la protection des donn\u00e9es<\/h3>&#13;\n<p>0781 82-2767<br\/>E-Mail: datenschutz@offenburg.de<\/p>&#13;\n<h3>Demandes de presse<\/h3>&#13;\n<p>E-Mail: presse@offenburg.de<\/p>&#13;\n<h2>Responsable de la r\u00e9daction<\/h2>&#13;\n<p>Stadt Offenburg<br\/>Organisationseinheit Marketing und Kommunikation\u00a0<br\/>Historisches Rathaus<br\/>Hauptstra\u00dfe 90<br\/>77652 Offenburg<br\/>Telefon: 0781 82-0<br\/>Telefax: 0781 82-7582<br\/>E-Mail: internet@offenburg.de<\/p>&#13;\n<p>Der Internetauftritt der Stadt Offenburg f\u00fchlt sich dem Gleichbehandlungsgrundsatz, den Zielen der Europ\u00e4ischen Gemeinschaft zum Schutz vor Diskriminierung und deren gesetzlicher Umsetzung im Allgemeinen Gleichbehandlungsgesetz (AGG) verpflichtet. Wir sind deshalb bestrebt, Benachteiligungen aus Gr\u00fcnden der Rasse oder der ethnischen Herkunft, des Geschlechts, der Religion oder Weltanschauung, einer Behinderung, des Alters oder der sexuellen Identit\u00e4t zu verhindern oder zu beseitigen.<\/p>&#13;\n","protected":false},"excerpt":{"rendered":"<p>&#13; Responsabilit\u00e9 du projet &#13; Diensteanbieter gem. \u00a7 5 TMGStadt OffenburgHistorisches RathausHauptstra\u00dfe 9077652 OffenburgTelefon: 0781 82-0Telefax: 0781 82-7515E-Mail: rathaus@offenburg.de &#13; Die Stadt Offenburg ist eine K\u00f6rperschaft des \u00f6ffentlichen Rechts. Sie wird vertreten durch Oberb\u00fcrgermeister Marco Steffens. &#13; D\u00e9l\u00e9gu\u00e9 \u00e0 la protection des donn\u00e9es &#13; 0781 82-2767E-Mail: datenschutz@offenburg.de &#13; Demandes de presse &#13; E-Mail: presse@offenburg.de &#13; [&hellip;]<\/p>\n","protected":false},"author":2,"featured_media":0,"parent":0,"menu_order":0,"comment_status":"closed","ping_status":"open","template":"","meta":{"_acf_changed":false,"footnotes":""},"class_list":["post-71232","page","type-page","status-publish","hentry"],"acf":[],"_links":{"self":[{"href":"https:\/\/og-wahlen.de\/fr\/wp-json\/wp\/v2\/pages\/71232","targetHints":{"allow":["GET"]}}],"collection":[{"href":"https:\/\/og-wahlen.de\/fr\/wp-json\/wp\/v2\/pages"}],"about":[{"href":"https:\/\/og-wahlen.de\/fr\/wp-json\/wp\/v2\/types\/page"}],"author":[{"embeddable":true,"href":"https:\/\/og-wahlen.de\/fr\/wp-json\/wp\/v2\/users\/2"}],"replies":[{"embeddable":true,"href":"https:\/\/og-wahlen.de\/fr\/wp-json\/wp\/v2\/comments?post=71232"}],"version-history":[{"count":1,"href":"https:\/\/og-wahlen.de\/fr\/wp-json\/wp\/v2\/pages\/71232\/revisions"}],"predecessor-version":[{"id":71233,"href":"https:\/\/og-wahlen.de\/fr\/wp-json\/wp\/v2\/pages\/71232\/revisions\/71233"}],"wp:attachment":[{"href":"https:\/\/og-wahlen.de\/fr\/wp-json\/wp\/v2\/media?parent=71232"}],"curies":[{"name":"wp","href":"https:\/\/api.w.org\/{rel}","templated":true}]}}